{"id":3,"date":"2024-03-01T13:10:55","date_gmt":"2024-03-01T12:10:55","guid":{"rendered":"http:\/\/acepto.co\/?page_id=3"},"modified":"2024-06-04T10:06:01","modified_gmt":"2024-06-04T08:06:01","slug":"polityka-prywatnosci","status":"publish","type":"page","link":"http:\/\/acepto.co\/?page_id=3","title":{"rendered":"Polityka prywatno\u015bci"},"content":{"rendered":"\t\t<div data-elementor-type=\"wp-page\" data-elementor-id=\"3\" class=\"elementor elementor-3\" data-elementor-post-type=\"page\">\n\t\t\t\t<div class=\"elementor-element elementor-element-437a122e e-flex e-con-boxed e-con e-parent\" data-id=\"437a122e\" data-element_type=\"container\">\n\t\t\t\t\t<div class=\"e-con-inner\">\n\t\t\t\t<div class=\"elementor-element elementor-element-5861c7b0 elementor-widget elementor-widget-text-editor\" data-id=\"5861c7b0\" data-element_type=\"widget\" data-widget_type=\"text-editor.default\">\n\t\t\t\t<div class=\"elementor-widget-container\">\n\t\t\t<style>\/*! elementor - v3.21.0 - 26-05-2024 *\/\n.elementor-widget-text-editor.elementor-drop-cap-view-stacked .elementor-drop-cap{background-color:#69727d;color:#fff}.elementor-widget-text-editor.elementor-drop-cap-view-framed .elementor-drop-cap{color:#69727d;border:3px solid;background-color:transparent}.elementor-widget-text-editor:not(.elementor-drop-cap-view-default) .elementor-drop-cap{margin-top:8px}.elementor-widget-text-editor:not(.elementor-drop-cap-view-default) .elementor-drop-cap-letter{width:1em;height:1em}.elementor-widget-text-editor .elementor-drop-cap{float:left;text-align:center;line-height:1;font-size:50px}.elementor-widget-text-editor .elementor-drop-cap-letter{display:inline-block}<\/style>\t\t\t\t<p><!-- wp:heading --><\/p>\n<h2 style=\"flex: 0 0 auto; padding: 0.5rem; width: 677.55px; border-color: #f5f5f5; overflow-wrap: break-word; color: #333333; font-family: 'Open Sans', sans-serif; font-size: 14px; font-weight: 400; letter-spacing: 0.12px;\">ACEPTO SP\u00d3\u0141KA Z OGRANICZON\u0104 ODPOWIEDZIALNO\u015aCI\u0104<\/h2>\n<div _ngcontent-uwo-c103=\"\" style=\"flex: 0 0 auto; padding: 0.5rem; width: 225.85px; background-color: #f5f5f5; border-color: #f5f5f5; overflow-wrap: break-word; color: #333333; font-family: 'Open Sans', sans-serif; font-size: 14px; font-weight: 400; letter-spacing: 0.12px;\">Rejestr<\/div>\n<div _ngcontent-uwo-c103=\"\" style=\"flex: 0 0 auto; padding: 0.5rem; width: 677.55px; border-color: #f5f5f5; overflow-wrap: break-word; color: #333333; font-family: 'Open Sans', sans-serif; font-size: 14px; font-weight: 400; letter-spacing: 0.12px;\">Rejestr Przedsi\u0119biorc\u00f3w<\/div>\n<div _ngcontent-uwo-c103=\"\" style=\"flex: 0 0 auto; padding: 0.5rem; width: 225.85px; background-color: #f5f5f5; border-color: #f5f5f5; overflow-wrap: break-word; color: #333333; font-family: 'Open Sans', sans-serif; font-size: 14px; font-weight: 400; letter-spacing: 0.12px;\">Numer KRS<\/div>\n<div _ngcontent-uwo-c103=\"\" style=\"flex: 0 0 auto; padding: 0.5rem; width: 677.55px; border-color: #f5f5f5; overflow-wrap: break-word; color: #333333; font-family: 'Open Sans', sans-serif; font-size: 14px; font-weight: 400; letter-spacing: 0.12px;\">0001099963<\/div>\n<div _ngcontent-uwo-c103=\"\" style=\"flex: 0 0 auto; padding: 0.5rem; width: 225.85px; background-color: #f5f5f5; border-color: #f5f5f5; overflow-wrap: break-word; color: #333333; font-family: 'Open Sans', sans-serif; font-size: 14px; font-weight: 400; letter-spacing: 0.12px;\">NIP<\/div>\n<div _ngcontent-uwo-c103=\"\" style=\"flex: 0 0 auto; padding: 0.5rem; width: 677.55px; border-color: #f5f5f5; overflow-wrap: break-word; color: #333333; font-family: 'Open Sans', sans-serif; font-size: 14px; font-weight: 400; letter-spacing: 0.12px;\">7492119962<\/div>\n<div _ngcontent-uwo-c103=\"\" style=\"flex: 0 0 auto; padding: 0.5rem; width: 225.85px; background-color: #f5f5f5; border-color: #f5f5f5; overflow-wrap: break-word; color: #333333; font-family: 'Open Sans', sans-serif; font-size: 14px; font-weight: 400; letter-spacing: 0.12px;\">REGON<\/div>\n<div _ngcontent-uwo-c103=\"\" style=\"flex: 0 0 auto; padding: 0.5rem; width: 677.55px; border-color: #f5f5f5; overflow-wrap: break-word; color: #333333; font-family: 'Open Sans', sans-serif; font-size: 14px; font-weight: 400; letter-spacing: 0.12px;\">52834995200000<\/div>\n<div _ngcontent-uwo-c103=\"\" style=\"flex: 0 0 auto; padding: 0.5rem; width: 225.85px; background-color: #f5f5f5; border-color: #f5f5f5; overflow-wrap: break-word; color: #333333; font-family: 'Open Sans', sans-serif; font-size: 14px; font-weight: 400; letter-spacing: 0.12px;\">Forma prawna<\/div>\n<div _ngcontent-uwo-c103=\"\" style=\"flex: 0 0 auto; padding: 0.5rem; width: 677.55px; border-color: #f5f5f5; overflow-wrap: break-word; font-weight: 400; letter-spacing: 0.12px;\"><span style=\"color: #333333; font-family: 'Open Sans', sans-serif; font-size: 14px; letter-spacing: 0.12px;\">ACEPTO SP\u00d3\u0141KA Z OGRANICZON\u0104 ODPOWIEDZIALNO\u015aCI\u0104&nbsp;<\/span><span style=\"color: #333333; font-family: 'Open Sans', sans-serif; font-size: 14px; letter-spacing: 0.12px; text-align: var(--text-align);\">SP\u00d3\u0141KA Z OGRANICZON\u0104 ODPOWIEDZIALNO\u015aCI\u0104&nbsp; &nbsp;WPISANA DO&nbsp;<\/span><span style=\"color: #000000; font-family: -apple-system, BlinkMacSystemFont, 'Helvetica Neue', 'Segoe UI', Arial, sans-serif, 'Apple Color Emoji', 'Segoe UI Emoji', 'Segoe UI Symbol'; font-size: 13px; white-space-collapse: preserve; font-weight: var( --e-global-typography-text-font-weight ); text-align: var(--text-align);\">KRAJOWY REJESTR S\u0104DOWY) <\/span><br><span style=\"color: #000000; font-family: -apple-system, BlinkMacSystemFont, Helvetica Neue, Segoe UI, Arial, sans-serif, Apple Color Emoji, Segoe UI Emoji, Segoe UI Symbol;\"><span style=\"font-size: 13px; white-space-collapse: preserve;\">Organ prowadz\u0105cy rejestr &#8211; <\/span><\/span><span style=\"color: #333333; font-family: 'Open Sans', sans-serif; font-size: 14px; letter-spacing: 0.12px; text-align: var(--text-align);\">S\u0104D REJONOWY W OPOLU, VIII WYDZIA\u0141 GOSPODARCZY KRAJOWEGO REJESTRU S\u0104DOWEGO).<\/span><\/div>\n<div _ngcontent-uwo-c103=\"\" style=\"flex: 0 0 auto; padding: 0.5rem; width: 677.55px; border-color: #f5f5f5; overflow-wrap: break-word; color: #333333; font-family: 'Open Sans', sans-serif; font-size: 14px; font-weight: 400; letter-spacing: 0.12px;\">\n<div><\/div>\n<\/div>\n<p><!-- \/wp:heading --><!-- wp:paragraph --><\/p>\n<p><strong>&nbsp;&nbsp;<\/strong>Adres naszej strony internetowej to: http:\/\/acepto.co.<\/p>\n<p><!-- \/wp:paragraph --><!-- wp:heading --><\/p>\n<h2>Komentarze<\/h2>\n<p><!-- \/wp:heading --><!-- wp:paragraph --><\/p>\n<p>Kiedy odwiedzaj\u0105cy witryn\u0119 zostawia komentarz, zbieramy dane widoczne w formularzu komentowania, jak i adres IP odwiedzaj\u0105cego oraz podpis jego przegl\u0105darki jako pomoc przy wykrywaniu spamu. <b>Klient&nbsp; podaje&nbsp; swoje dane dobrowolnie .<\/b><\/p>\n<p><!-- \/wp:paragraph --><!-- wp:paragraph --><\/p>\n<p>Anonimizowany ci\u0105g znak\u00f3w utworzony z twojego adresu e-mail (zwany te\u017c hashem) mo\u017ce zosta\u0107 przes\u0142any do us\u0142ugi Gravatar w celu sprawdzenia czy jest u\u017cywany. Polityka prywatno\u015bci us\u0142ugi Gravatar jest dost\u0119pna pod adresem: https:\/\/automattic.com\/privacy\/. Po zatwierdzeniu komentarza tw\u00f3j obrazek profilowy jest widoczny publicznie w kontek\u015bcie twojego komentarza.<\/p>\n<p><!-- \/wp:paragraph --><!-- wp:heading --><\/p>\n<h2>Media<\/h2>\n<p><span style=\"color: var( --e-global-color-text ); font-family: var( --e-global-typography-text-font-family ), Sans-serif; font-weight: var( --e-global-typography-text-font-weight ); text-align: var(--text-align); font-size: 1rem;\">Je\u015bli jeste\u015b zarejestrowanym u\u017cytkownikiem i wgrywasz na witryn\u0119 obrazki, powiniene\u015b unika\u0107 przesy\u0142ania obrazk\u00f3w z tagami EXIF lokalizacji. Odwiedzaj\u0105cy stron\u0119 mog\u0105 pobra\u0107 i odczyta\u0107 pe\u0142ne dane lokalizacyjne z obrazk\u00f3w w witrynie.<\/span><\/p>\n<p><!-- \/wp:paragraph --><!-- wp:heading --><\/p>\n<h2>Ciasteczka<\/h2>\n<p><!-- \/wp:heading --><!-- wp:paragraph --><\/p>\n<p>Je\u015bli skomentujesz co\u015b w witrynie, b\u0119dzie mo\u017cna wybra\u0107 opcj\u0119 zapisu nazwy, adresu e-mail i witryny internetowej w ciasteczkach, dzi\u0119ki kt\u00f3rym podczas pisania kolejnych komentarzy powy\u017csze informacje b\u0119d\u0105 ju\u017c dogodnie uzupe\u0142nione. Ciasteczka wygasaj\u0105 po roku.<\/p>\n<p><!-- \/wp:paragraph --><!-- wp:paragraph --><\/p>\n<p>Je\u015bli odwiedzisz stron\u0119 logowania, utworzymy tymczasowe ciasteczko na potrzeby sprawdzenia czy twoja przegl\u0105darka akceptuje ciasteczka. Nie zawiera ono \u017cadnych danych osobistych i zostanie usuni\u0119te, kiedy przegl\u0105darka zostanie zamkni\u0119ta.<\/p>\n<p><!-- \/wp:paragraph --><!-- wp:paragraph --><\/p>\n<p>Podczas logowania tworzymy dodatkowo kilka ciasteczek potrzebnych do zapisu twoich informacji logowania oraz wybranych opcji ekranu. Ciasteczka logowania wygasaj\u0105 po dw\u00f3ch dniach, a opcji ekranu po roku. Je\u015bli zaznaczysz opcj\u0119 \u201ePami\u0119taj mnie\u201d, logowanie wyga\u015bnie po dw\u00f3ch tygodniach. Je\u015bli wylogujesz si\u0119 ze swojego konta, ciasteczka logowania zostan\u0105 usuni\u0119te.<\/p>\n<p><!-- \/wp:paragraph --><!-- wp:paragraph --><\/p>\n<p>Je\u015bli zmodyfikujesz albo opublikujesz artyku\u0142, w twojej przegl\u0105darce zostanie zapisane dodatkowe ciasteczko. To ciasteczko nie zawiera \u017cadnych danych osobistych, wskazuj\u0105c po prostu na identyfikator przed chwil\u0105 edytowanego artyku\u0142u. Wygasa ono po 1 dniu.<\/p>\n<p><!-- \/wp:paragraph --><!-- wp:heading --><\/p>\n<h2>Osadzone tre\u015bci z innych witryn<\/h2>\n<p><!-- \/wp:heading --><!-- wp:paragraph --><\/p>\n<p>Artyku\u0142y na tej witrynie mog\u0105 zawiera\u0107 osadzone tre\u015bci (np. filmy, obrazki, artyku\u0142y itp.). Osadzone tre\u015bci z innych witryn zachowuj\u0105 si\u0119 analogicznie do tego, jakby u\u017cytkownik odwiedzi\u0142 bezpo\u015brednio konkretn\u0105 witryn\u0119.<\/p>\n<p><!-- \/wp:paragraph --><!-- wp:paragraph --><\/p>\n<p>Witryny mog\u0105 zbiera\u0107 informacje o tobie, u\u017cywa\u0107 ciasteczek, do\u0142\u0105cza\u0107 dodatkowe, zewn\u0119trzne systemy \u015bledzenia i monitorowa\u0107 twoje interakcje z osadzonym materia\u0142em, w\u0142\u0105czaj\u0105c w to \u015bledzenie twoich interakcji z osadzonym materia\u0142em je\u015bli posiadasz konto i jeste\u015b zalogowany w tamtej witrynie.<\/p>\n<p><!-- \/wp:paragraph --><!-- wp:heading --><\/p>\n<h2>Z kim dzielimy si\u0119 danymi<\/h2>\n<p><span style=\"color: var( --e-global-color-text ); font-family: var( --e-global-typography-text-font-family ), Sans-serif; text-align: var(--text-align); font-size: 1rem;\">&nbsp;<\/span><span style=\"color: var( --e-global-color-text ); font-family: var( --e-global-typography-text-font-family ), Sans-serif; font-weight: var( --e-global-typography-text-font-weight ); text-align: var(--text-align); font-size: 1rem;\">Je\u015bli za\u017c\u0105dasz zresetowania has\u0142a, tw\u00f3j adres IP zostanie do\u0142\u0105czony do wysy\u0142anej wiadomo\u015bci.<\/span><\/p>\n<p><!-- \/wp:paragraph --><!-- wp:heading --><\/p>\n<h2>Jak d\u0142ugo przechowujemy twoje dane<\/h2>\n<p><!-- \/wp:heading --><!-- wp:paragraph --><\/p>\n<p><b>&nbsp;<\/b>Je\u015bli zostawisz komentarz, jego tre\u015b\u0107 i metadane b\u0119d\u0105 przechowywane przez czas nieokre\u015blony. Dzi\u0119ki temu jeste\u015bmy w stanie rozpoznawa\u0107 i zatwierdza\u0107 kolejne komentarze automatycznie, bez wysy\u0142ania ich do ka\u017cdorazowej moderacji.<\/p>\n<p><!-- \/wp:paragraph --><!-- wp:paragraph --><\/p>\n<p>Dla u\u017cytkownik\u00f3w kt\u00f3rzy zarejestrowali si\u0119 na naszej stronie internetowej (je\u015bli tacy s\u0105), przechowujemy r\u00f3wnie\u017c informacje osobiste wprowadzone w profilu. Ka\u017cdy u\u017cytkownik mo\u017ce dokona\u0107 wgl\u0105du, korekty albo skasowa\u0107 swoje informacje osobiste w dowolnej chwili (nie licz\u0105c nazwy u\u017cytkownika, kt\u00f3rej nie mo\u017cna zmieni\u0107). Administratorzy strony r\u00f3wnie\u017c mog\u0105 przegl\u0105da\u0107 i modyfikowa\u0107 te informacje.<\/p>\n<p><!-- \/wp:paragraph --><!-- wp:heading --><\/p>\n<h2>Jakie masz prawa do swoich danych<\/h2>\n<p><!-- \/wp:heading --><!-- wp:paragraph --><\/p>\n<p><strong>&nbsp;<\/strong>Je\u015bli masz konto u\u017cytkownika albo doda\u0142e\u015b komentarze w tej witrynie, mo\u017cesz za\u017c\u0105da\u0107 dostarczenia pliku z wyeksportowanym kompletem twoich danych osobistych b\u0119d\u0105cych w naszym posiadaniu, w tym ca\u0142o\u015b\u0107 tych dostarczonych przez ciebie. Mo\u017cesz r\u00f3wnie\u017c za\u017c\u0105da\u0107 usuni\u0119cia przez nas ca\u0142o\u015bci twoich danych osobistych w naszym posiadaniu. Nie dotyczy to \u017cadnych danych kt\u00f3re jeste\u015bmy zobligowani zachowa\u0107 ze wzgl\u0119d\u00f3w administracyjnych, prawnych albo bezpiecze\u0144stwa.<\/p>\n<p><!-- \/wp:paragraph --><!-- wp:heading --><\/p>\n<h2>Gdzie wys\u0142amy twoje dane<\/h2>\n<p><span style=\"color: var( --e-global-color-text ); font-family: var( --e-global-typography-text-font-family ), Sans-serif; text-align: var(--text-align); font-size: 1rem;\">&nbsp;RODO&nbsp;<\/span><\/p>\n<p><span style=\"color: var( --e-global-color-text ); font-family: var( --e-global-typography-text-font-family ), Sans-serif; font-weight: var( --e-global-typography-text-font-weight ); text-align: var(--text-align); font-size: 1rem;\">Komentarze go\u015bci mog\u0105 by\u0107 sprawdzane za pomoc\u0105 automatycznej us\u0142ugi wykrywania spamu.<\/span><\/p>\n<div data-page=\"3\" width=\"794\" height=\"1123\">\n<div width=\"794\" height=\"1123\">\n<div width=\"794\" height=\"1123\">\n<div><span style=\"color: var( --e-global-color-text ); font-family: var( --e-global-typography-text-font-family ), Sans-serif; font-size: 1rem; font-weight: var( --e-global-typography-text-font-weight ); text-align: var(--text-align);\">Administratorem Twoich danych osobowych jest: Acepto Sp.ZO.O W sprawie swoich danych osobowych mo\u017cesz<\/span><\/div>\n<div data-canvas-width=\"162.86208\">skontaktowa\u0107 si\u0119 z nami za&nbsp;<span style=\"color: var( --e-global-color-text ); font-family: var( --e-global-typography-text-font-family ), Sans-serif; font-weight: var( --e-global-typography-text-font-weight ); text-align: var(--text-align); font-size: 1rem;\">pomoc\u0105 adresu mailowego acepto@acepto.co&nbsp;<\/span><\/div>\n<div data-canvas-width=\"12.479999999999999\">2.<span style=\"color: var( --e-global-color-text ); font-family: var( --e-global-typography-text-font-family ), Sans-serif; font-weight: var( --e-global-typography-text-font-weight ); text-align: var(--text-align); font-size: 1rem;\">Zakres przetwarzanych&nbsp;<\/span><span style=\"color: var( --e-global-color-text ); font-family: var( --e-global-typography-text-font-family ), Sans-serif; font-weight: var( --e-global-typography-text-font-weight ); text-align: var(--text-align); font-size: 1rem;\">danych<\/span><\/div>\n<div data-canvas-width=\"297.7119999999999\"><span style=\"color: var( --e-global-color-text ); font-family: var( --e-global-typography-text-font-family ), Sans-serif; font-weight: var( --e-global-typography-text-font-weight ); text-align: var(--text-align); font-size: 1rem;\">\u201eAdministrator za po\u015brednictwem Serwisu oraz innych form komunikacji zbiera i przetwarza poni\u017cej<\/span><\/div>\n<div data-canvas-width=\"610.5414399999999\">wyszczeg\u00f3lnione dane osobowe U\u017cytkownik\u00f3w przekazywane podczas proces\u00f3w rejestracji w Serwisie:<\/div>\n<div data-canvas-width=\"28.924799999999998\">imi\u0119&nbsp;<span style=\"color: var( --e-global-color-text ); font-family: var( --e-global-typography-text-font-family ), Sans-serif; font-weight: var( --e-global-typography-text-font-weight ); text-align: var(--text-align); font-size: 1rem;\">i nazwisko&nbsp; ,<\/span><span style=\"color: var( --e-global-color-text ); font-family: var( --e-global-typography-text-font-family ), Sans-serif; font-weight: var( --e-global-typography-text-font-weight ); text-align: var(--text-align); font-size: 1rem;\">adres zamieszkania, adres e \u2013<\/span><span style=\"color: var( --e-global-color-text ); font-family: var( --e-global-typography-text-font-family ), Sans-serif; font-weight: var( --e-global-typography-text-font-weight ); text-align: var(--text-align); font-size: 1rem;\">mail, numer telefonu<\/span><\/div>\n<div data-canvas-width=\"24.714879999999997\">itp.\u201d<\/div>\n<div data-canvas-width=\"12.479999999999999\">3.<span style=\"color: var( --e-global-color-text ); font-family: var( --e-global-typography-text-font-family ), Sans-serif; font-weight: var( --e-global-typography-text-font-weight ); text-align: var(--text-align); font-size: 1rem;\">Cel i czas przetwarzania danych<\/span><\/div>\n<div data-canvas-width=\"75.39200000000001\">osobowych<\/div>\n<div><span style=\"color: var( --e-global-color-text ); font-family: var( --e-global-typography-text-font-family ), Sans-serif; font-weight: var( --e-global-typography-text-font-weight ); text-align: var(--text-align); font-size: 1rem;\">Cel&nbsp;<\/span><\/div>\n<div data-canvas-width=\"629.7804799999999\">\u201ePrzetwarzanie Pa\u0144stwa danych osobowych pozwala nam na \u015bwiadczenie us\u0142ug m.in. utrzymanie Pa\u0144stwa<\/div>\n<div data-canvas-width=\"439.3920000000001\">konta, realizowania zam\u00f3wie\u0144, kontakt zwi\u0105zany z wykonaniem umowy, a<\/div>\n<div data-canvas-width=\"167.74911999999998\">tak\u017ce przesy\u0142anie informacji<\/div>\n<div data-canvas-width=\"143.56416\">marketingowych (w tym<\/div>\n<div data-canvas-width=\"82.97663999999999\">newslettera).\u201d<\/div>\n<div data-canvas-width=\"26.496\">Czas<span style=\"color: var( --e-global-color-text ); font-family: var( --e-global-typography-text-font-family ), Sans-serif; font-weight: var( --e-global-typography-text-font-weight ); text-align: var(--text-align); font-size: 1rem;\">:<\/span><\/div>\n<div><span style=\"color: var( --e-global-color-text ); font-family: var( --e-global-typography-text-font-family ), Sans-serif; font-weight: var( --e-global-typography-text-font-weight ); text-align: var(--text-align); font-size: 1rem;\">Dane osobowe b\u0119d\u0105 przechowywane przez okres trwania umowy oraz na czas zgodny<\/span><\/div>\n<div data-canvas-width=\"532.0691200000001\">z obowi\u0105zuj\u0105cymi przepisami z uwzgl\u0119dnieniem przedawnienia roszcze\u0144 oraz zobowi\u0105za\u0144<\/div>\n<div data-canvas-width=\"83.41824\">podatkowych.<\/div>\n<div data-canvas-width=\"633.5488000000001\">Dane osobowe na przetwarzanie, kt\u00f3rych wyrazili Pa\u0144stwo zgod\u0119 b\u0119d\u0105 przechowywane do czasu cofni\u0119cia<\/div>\n<div data-canvas-width=\"125.13471999999999\">przez Pa\u0144stwa zgody.<\/div>\n<div data-canvas-width=\"12.479999999999999\">4.<span style=\"color: var( --e-global-color-text ); font-family: var( --e-global-typography-text-font-family ), Sans-serif; font-weight: var( --e-global-typography-text-font-weight ); text-align: var(--text-align); font-size: 1rem;\">Informacja o prawie do przegl\u0105dania, poprawiania, kasowania danych osobowych (prawo do&nbsp;<\/span><span style=\"color: var( --e-global-color-text ); font-family: var( --e-global-typography-text-font-family ), Sans-serif; font-weight: var( --e-global-typography-text-font-weight ); text-align: var(--text-align); font-size: 1rem;\">bycia&nbsp;<\/span><span style=\"color: var( --e-global-color-text ); font-family: var( --e-global-typography-text-font-family ), Sans-serif; font-weight: var( --e-global-typography-text-font-weight ); text-align: var(--text-align); font-size: 1rem;\">zapomnianym).<\/span><\/div>\n<div data-canvas-width=\"608.6867200000002\">\u201eU\u017cytkownik w ka\u017cdej chwili ma prawo wgl\u0105du i zmiany swoich danych osobowych, a tak\u017ce \u017c\u0105dania od&nbsp;<span style=\"color: var( --e-global-color-text ); font-family: var( --e-global-typography-text-font-family ), Sans-serif; font-weight: var( --e-global-typography-text-font-weight ); text-align: var(--text-align); font-size: 1rem;\">Administratora niezw\u0142ocznego ich usuni\u0119cia (&nbsp;<\/span><span style=\"color: var( --e-global-color-text ); font-family: var( --e-global-typography-text-font-family ), Sans-serif; font-weight: var( --e-global-typography-text-font-weight ); text-align: var(--text-align); font-size: 1rem;\">prawo do zapomnienia\u201d).\u201d<\/span><\/div>\n<div data-canvas-width=\"12.479999999999999\">5.<span style=\"color: var( --e-global-color-text ); font-family: var( --e-global-typography-text-font-family ), Sans-serif; font-weight: var( --e-global-typography-text-font-weight ); text-align: var(--text-align); font-size: 1rem;\">Mo\u017cliwo\u015b\u0107 sk\u0142adania \u017c\u0105dania z zakresu<\/span><\/div>\n<div data-canvas-width=\"341.8399999999999\">informacji o danych lub ich przetwarzania w formie&nbsp;<span style=\"color: var( --e-global-color-text ); font-family: var( --e-global-typography-text-font-family ), Sans-serif; font-weight: var( --e-global-typography-text-font-weight ); text-align: var(--text-align); font-size: 1rem;\">elektronicznej.<\/span><\/div>\n<div data-canvas-width=\"13.07456\"><span style=\"color: var( --e-global-color-text ); font-family: var( --e-global-typography-text-font-family ), Sans-serif; font-weight: var( --e-global-typography-text-font-weight ); text-align: var(--text-align); font-size: 1rem;\">\u017b\u0105dania z zakresu przetwarzania danych osobowych<\/span><\/div>\n<div data-canvas-width=\"250.32831999999996\">mog\u0105 Pa\u0144stwo zg\u0142asza\u0107 mailowo na adres<\/div>\n<div data-canvas-width=\"133.45152000000002\">administratora danych&nbsp;<span style=\"color: var( --e-global-color-text ); font-family: var( --e-global-typography-text-font-family ), Sans-serif; font-weight: var( --e-global-typography-text-font-weight ); text-align: var(--text-align); font-size: 1rem;\">osobowych&nbsp; acepto@acepto.co<\/span><\/div>\n<div><span style=\"color: var( --e-global-color-text ); font-family: var( --e-global-typography-text-font-family ), Sans-serif; font-weight: var( --e-global-typography-text-font-weight ); text-align: var(--text-align); font-size: 1rem;\">6.<\/span><span style=\"color: var( --e-global-color-text ); font-family: var( --e-global-typography-text-font-family ), Sans-serif; font-weight: var( --e-global-typography-text-font-weight ); text-align: var(--text-align); font-size: 1rem;\">Informacja o prawie<\/span><\/div>\n<\/div>\n<\/div>\n<\/div>\n<div data-page=\"4\" width=\"794\" height=\"1123\">\n<div width=\"794\" height=\"1123\">\n<div width=\"794\" height=\"1123\">\n<div data-canvas-width=\"339.85599999999977\">klienta do wniesienia skargi do organu nadzorczego<\/div>\n<div><span style=\"color: var( --e-global-color-text ); font-family: var( --e-global-typography-text-font-family ), Sans-serif; font-weight: var( --e-global-typography-text-font-weight ); text-align: var(--text-align); font-size: 1rem;\">Maj\u0105 Pa\u0144stwo prawo wniesienia skargi do organu nadzorczego zajmuj\u0105cego si\u0119 ochron\u0105 danych osobowych&nbsp;<\/span><span style=\"color: var( --e-global-color-text ); font-family: var( --e-global-typography-text-font-family ), Sans-serif; font-weight: var( --e-global-typography-text-font-weight ); text-align: var(--text-align); font-size: 1rem;\">kt\u00f3rym jest<\/span><\/div>\n<div data-canvas-width=\"266.43199999999996\">Prezes Urz\u0119du Ochrony Danych Osobowych<\/div>\n<\/div>\n<\/div>\n<\/div>\n<p><!-- \/wp:paragraph --><\/p>\t\t\t\t\t\t<\/div>\n\t\t\t\t<\/div>\n\t\t\t\t\t<\/div>\n\t\t\t\t<\/div>\n\t\t\t\t<\/div>\n\t\t","protected":false},"excerpt":{"rendered":"<p>ACEPTO SP\u00d3\u0141KA Z OGRANICZON\u0104 ODPOWIEDZIALNO\u015aCI\u0104 Rejestr Rejestr Przedsi\u0119biorc\u00f3w Numer KRS 0001099963 NIP 7492119962 REGON 52834995200000 Forma prawna ACEPTO SP\u00d3\u0141KA Z OGRANICZON\u0104 ODPOWIEDZIALNO\u015aCI\u0104&nbsp;SP\u00d3\u0141KA Z OGRANICZON\u0104 ODPOWIEDZIALNO\u015aCI\u0104&nbsp; &nbsp;WPISANA DO&nbsp;KRAJOWY REJESTR S\u0104DOWY) Organ prowadz\u0105cy rejestr &#8211; S\u0104D REJONOWY W OPOLU, VIII WYDZIA\u0141 GOSPODARCZY KRAJOWEGO REJESTRU S\u0104DOWEGO). &nbsp;&nbsp;Adres naszej strony internetowej to: http:\/\/acepto.co. Komentarze Kiedy odwiedzaj\u0105cy witryn\u0119 zostawia komentarz, [&hellip;]<\/p>\n","protected":false},"author":1,"featured_media":0,"parent":0,"menu_order":0,"comment_status":"closed","ping_status":"open","template":"","meta":{"_eb_attr":"","footnotes":""},"_links":{"self":[{"href":"http:\/\/acepto.co\/index.php?rest_route=\/wp\/v2\/pages\/3"}],"collection":[{"href":"http:\/\/acepto.co\/index.php?rest_route=\/wp\/v2\/pages"}],"about":[{"href":"http:\/\/acepto.co\/index.php?rest_route=\/wp\/v2\/types\/page"}],"author":[{"embeddable":true,"href":"http:\/\/acepto.co\/index.php?rest_route=\/wp\/v2\/users\/1"}],"replies":[{"embeddable":true,"href":"http:\/\/acepto.co\/index.php?rest_route=%2Fwp%2Fv2%2Fcomments&post=3"}],"version-history":[{"count":21,"href":"http:\/\/acepto.co\/index.php?rest_route=\/wp\/v2\/pages\/3\/revisions"}],"predecessor-version":[{"id":631,"href":"http:\/\/acepto.co\/index.php?rest_route=\/wp\/v2\/pages\/3\/revisions\/631"}],"wp:attachment":[{"href":"http:\/\/acepto.co\/index.php?rest_route=%2Fwp%2Fv2%2Fmedia&parent=3"}],"curies":[{"name":"wp","href":"https:\/\/api.w.org\/{rel}","templated":true}]}}